{"id":1700,"date":"2023-11-14T17:30:25","date_gmt":"2023-11-14T17:30:25","guid":{"rendered":"https:\/\/iana.com.uy\/cfatest\/?post_type=eventos&#038;p=1700"},"modified":"2023-11-14T17:30:25","modified_gmt":"2023-11-14T17:30:25","slug":"asamblea-extraordinaria","status":"publish","type":"eventos","link":"https:\/\/iana.com.uy\/cfatest\/evento\/asamblea-extraordinaria\/","title":{"rendered":"ASAMBLEA EXTRAORDINARIA"},"content":{"rendered":"<p><b>LLAMADO A ASAMBLEA EXTRAORDINARIA<\/b><\/p>\n<p>A LOS ASOCIADOS DE LA ASOCIACION DE PROFESIONALES DE INVERSI\u00d3N DEL URUGUAY (APIU):<\/p>\n<p>En virtud de la resoluci\u00f3n adoptada por la Comisi\u00f3n Directiva de la Asociaci\u00f3n de Profesionales de Inversi\u00f3n del Uruguay, en sesi\u00f3n celebrada con fecha 13 de Noviembre de 2023, se convoca a los miembros de la Asociaci\u00f3n a la\u00a0<b>Asamblea General Extraordinaria<\/b> que se celebrar\u00e1 en segunda convocatoria en <b>El Alquimista, Av. Bolivia 1323, el d\u00eda 23 de Noviembre de 2023 a las 20hs<\/b>\u00a0con el fin de que los miembros puedan deliberar y resolver sobre los puntos del orden del d\u00eda m\u00e1s abajo indicado.<\/p>\n<p><b>ORDEN DEL D\u00cdA<\/b><\/p>\n<p>1. <a title=\"Modificaci\u00f3n del estatuto social\" href=\"https:\/\/docs.google.com\/document\/d\/1bss5zOl5FS7KqhCQFlLPjd_oECTbhL-w\/edit?usp=sharing&amp;ouid=118436738299609742006&amp;rtpof=true&amp;sd=true\" data-linkto=\"https:\/\/\">Modificaci\u00f3n del estatuto social<\/a><br \/>\n2. Autorizaci\u00f3n para tramitar la reforma del estatuto social<\/p>\n<p>Atentamente,<br \/>\nFabian Ibarburu, CFA \u00a0 \u00a0 \u00a0 \u00a0 \u00a0 \u00a0 \u00a0 \u00a0 \u00a0 \u00a0 \u00a0 \u00a0 \u00a0 \u00a0 \u00a0 \u00a0 \u00a0 \u00a0 \u00a0 \u00a0 \u00a0 \u00a0 \u00a0 \u00a0 \u00a0 \u00a0 \u00a0Fernando Zimet, CFA<br \/>\nPresidente\u00a0\u00a0\u00a0\u00a0\u00a0\u00a0\u00a0\u00a0\u00a0\u00a0\u00a0\u00a0\u00a0\u00a0\u00a0\u00a0\u00a0\u00a0\u00a0\u00a0\u00a0\u00a0\u00a0\u00a0\u00a0\u00a0\u00a0\u00a0\u00a0\u00a0\u00a0\u00a0\u00a0\u00a0\u00a0\u00a0\u00a0\u00a0\u00a0\u00a0\u00a0\u00a0\u00a0\u00a0\u00a0\u00a0\u00a0\u00a0\u00a0\u00a0\u00a0\u00a0\u00a0\u00a0\u00a0\u00a0\u00a0\u00a0\u00a0\u00a0\u00a0\u00a0\u00a0\u00a0\u00a0\u00a0\u00a0\u00a0\u00a0\u00a0\u00a0 Secretario<\/p>\n","protected":false},"featured_media":0,"parent":0,"template":"","categories":[],"acf":[],"yoast_head":"<!-- This site is optimized with the Yoast SEO plugin v22.4 - https:\/\/yoast.com\/wordpress\/plugins\/seo\/ -->\n<title>ASAMBLEA EXTRAORDINARIA - CFA Society Uruguay<\/title>\n<meta name=\"robots\" content=\"index, follow, max-snippet:-1, max-image-preview:large, max-video-preview:-1\" \/>\n<link rel=\"canonical\" href=\"https:\/\/iana.com.uy\/cfatest\/evento\/asamblea-extraordinaria\/\" \/>\n<meta property=\"og:locale\" content=\"es_ES\" \/>\n<meta property=\"og:type\" content=\"article\" \/>\n<meta property=\"og:title\" content=\"ASAMBLEA EXTRAORDINARIA - CFA Society Uruguay\" \/>\n<meta property=\"og:description\" content=\"LLAMADO A ASAMBLEA EXTRAORDINARIA A LOS ASOCIADOS DE LA ASOCIACION DE PROFESIONALES DE INVERSI\u00d3N DEL URUGUAY (APIU): En virtud de la resoluci\u00f3n adoptada por la Comisi\u00f3n Directiva de la Asociaci\u00f3n de Profesionales de Inversi\u00f3n del Uruguay, en sesi\u00f3n celebrada con fecha 13 de Noviembre de 2023, se convoca a los miembros de la Asociaci\u00f3n a [&hellip;]\" \/>\n<meta property=\"og:url\" content=\"https:\/\/iana.com.uy\/cfatest\/evento\/asamblea-extraordinaria\/\" \/>\n<meta property=\"og:site_name\" content=\"CFA Society Uruguay\" \/>\n<meta property=\"article:publisher\" content=\"https:\/\/www.facebook.com\/cfasocietyuruguay\" \/>\n<meta name=\"twitter:card\" content=\"summary_large_image\" \/>\n<meta name=\"twitter:site\" content=\"@CFA_URU\" \/>\n<meta name=\"twitter:label1\" content=\"Tiempo de lectura\" \/>\n\t<meta name=\"twitter:data1\" content=\"1 minuto\" \/>\n<script type=\"application\/ld+json\" class=\"yoast-schema-graph\">{\"@context\":\"https:\/\/schema.org\",\"@graph\":[{\"@type\":\"WebPage\",\"@id\":\"https:\/\/iana.com.uy\/cfatest\/evento\/asamblea-extraordinaria\/\",\"url\":\"https:\/\/iana.com.uy\/cfatest\/evento\/asamblea-extraordinaria\/\",\"name\":\"ASAMBLEA EXTRAORDINARIA - CFA Society Uruguay\",\"isPartOf\":{\"@id\":\"https:\/\/iana.com.uy\/cfatest\/#website\"},\"datePublished\":\"2023-11-14T17:30:25+00:00\",\"dateModified\":\"2023-11-14T17:30:25+00:00\",\"breadcrumb\":{\"@id\":\"https:\/\/iana.com.uy\/cfatest\/evento\/asamblea-extraordinaria\/#breadcrumb\"},\"inLanguage\":\"es\",\"potentialAction\":[{\"@type\":\"ReadAction\",\"target\":[\"https:\/\/iana.com.uy\/cfatest\/evento\/asamblea-extraordinaria\/\"]}]},{\"@type\":\"BreadcrumbList\",\"@id\":\"https:\/\/iana.com.uy\/cfatest\/evento\/asamblea-extraordinaria\/#breadcrumb\",\"itemListElement\":[{\"@type\":\"ListItem\",\"position\":1,\"name\":\"Portada\",\"item\":\"https:\/\/iana.com.uy\/cfatest\/es\/\"},{\"@type\":\"ListItem\",\"position\":2,\"name\":\"eventos\",\"item\":\"https:\/\/iana.com.uy\/cfatest\/es\/eventos\/\"},{\"@type\":\"ListItem\",\"position\":3,\"name\":\"ASAMBLEA EXTRAORDINARIA\"}]},{\"@type\":\"WebSite\",\"@id\":\"https:\/\/iana.com.uy\/cfatest\/#website\",\"url\":\"https:\/\/iana.com.uy\/cfatest\/\",\"name\":\"CFA Society Uruguay\",\"description\":\"CFA Society Uruguay\",\"publisher\":{\"@id\":\"https:\/\/iana.com.uy\/cfatest\/#organization\"},\"potentialAction\":[{\"@type\":\"SearchAction\",\"target\":{\"@type\":\"EntryPoint\",\"urlTemplate\":\"https:\/\/iana.com.uy\/cfatest\/?s={search_term_string}\"},\"query-input\":\"required name=search_term_string\"}],\"inLanguage\":\"es\"},{\"@type\":\"Organization\",\"@id\":\"https:\/\/iana.com.uy\/cfatest\/#organization\",\"name\":\"CFA Society\",\"url\":\"https:\/\/iana.com.uy\/cfatest\/\",\"logo\":{\"@type\":\"ImageObject\",\"inLanguage\":\"es\",\"@id\":\"https:\/\/iana.com.uy\/cfatest\/#\/schema\/logo\/image\/\",\"url\":\"http:\/\/localhost\/cfa\/wp-content\/uploads\/2019\/07\/logo.png\",\"contentUrl\":\"http:\/\/localhost\/cfa\/wp-content\/uploads\/2019\/07\/logo.png\",\"width\":500,\"height\":146,\"caption\":\"CFA Society\"},\"image\":{\"@id\":\"https:\/\/iana.com.uy\/cfatest\/#\/schema\/logo\/image\/\"},\"sameAs\":[\"https:\/\/www.facebook.com\/cfasocietyuruguay\",\"https:\/\/twitter.com\/CFA_URU\",\"https:\/\/www.instagram.com\/cfasocietyuruguay\/\",\"https:\/\/www.linkedin.com\/company\/cfa-society-uruguay\/\",\"https:\/\/www.youtube.com\/channel\/UCOCPlWClIZ4w1C5f_hhmIgg\"]}]}<\/script>\n<!-- \/ Yoast SEO plugin. -->","yoast_head_json":{"title":"ASAMBLEA EXTRAORDINARIA - CFA Society Uruguay","robots":{"index":"index","follow":"follow","max-snippet":"max-snippet:-1","max-image-preview":"max-image-preview:large","max-video-preview":"max-video-preview:-1"},"canonical":"https:\/\/iana.com.uy\/cfatest\/evento\/asamblea-extraordinaria\/","og_locale":"es_ES","og_type":"article","og_title":"ASAMBLEA EXTRAORDINARIA - CFA Society Uruguay","og_description":"LLAMADO A ASAMBLEA EXTRAORDINARIA A LOS ASOCIADOS DE LA ASOCIACION DE PROFESIONALES DE INVERSI\u00d3N DEL URUGUAY (APIU): En virtud de la resoluci\u00f3n adoptada por la Comisi\u00f3n Directiva de la Asociaci\u00f3n de Profesionales de Inversi\u00f3n del Uruguay, en sesi\u00f3n celebrada con fecha 13 de Noviembre de 2023, se convoca a los miembros de la Asociaci\u00f3n a [&hellip;]","og_url":"https:\/\/iana.com.uy\/cfatest\/evento\/asamblea-extraordinaria\/","og_site_name":"CFA Society Uruguay","article_publisher":"https:\/\/www.facebook.com\/cfasocietyuruguay","twitter_card":"summary_large_image","twitter_site":"@CFA_URU","twitter_misc":{"Tiempo de lectura":"1 minuto"},"schema":{"@context":"https:\/\/schema.org","@graph":[{"@type":"WebPage","@id":"https:\/\/iana.com.uy\/cfatest\/evento\/asamblea-extraordinaria\/","url":"https:\/\/iana.com.uy\/cfatest\/evento\/asamblea-extraordinaria\/","name":"ASAMBLEA EXTRAORDINARIA - CFA Society Uruguay","isPartOf":{"@id":"https:\/\/iana.com.uy\/cfatest\/#website"},"datePublished":"2023-11-14T17:30:25+00:00","dateModified":"2023-11-14T17:30:25+00:00","breadcrumb":{"@id":"https:\/\/iana.com.uy\/cfatest\/evento\/asamblea-extraordinaria\/#breadcrumb"},"inLanguage":"es","potentialAction":[{"@type":"ReadAction","target":["https:\/\/iana.com.uy\/cfatest\/evento\/asamblea-extraordinaria\/"]}]},{"@type":"BreadcrumbList","@id":"https:\/\/iana.com.uy\/cfatest\/evento\/asamblea-extraordinaria\/#breadcrumb","itemListElement":[{"@type":"ListItem","position":1,"name":"Portada","item":"https:\/\/iana.com.uy\/cfatest\/es\/"},{"@type":"ListItem","position":2,"name":"eventos","item":"https:\/\/iana.com.uy\/cfatest\/es\/eventos\/"},{"@type":"ListItem","position":3,"name":"ASAMBLEA EXTRAORDINARIA"}]},{"@type":"WebSite","@id":"https:\/\/iana.com.uy\/cfatest\/#website","url":"https:\/\/iana.com.uy\/cfatest\/","name":"CFA Society Uruguay","description":"CFA Society Uruguay","publisher":{"@id":"https:\/\/iana.com.uy\/cfatest\/#organization"},"potentialAction":[{"@type":"SearchAction","target":{"@type":"EntryPoint","urlTemplate":"https:\/\/iana.com.uy\/cfatest\/?s={search_term_string}"},"query-input":"required name=search_term_string"}],"inLanguage":"es"},{"@type":"Organization","@id":"https:\/\/iana.com.uy\/cfatest\/#organization","name":"CFA Society","url":"https:\/\/iana.com.uy\/cfatest\/","logo":{"@type":"ImageObject","inLanguage":"es","@id":"https:\/\/iana.com.uy\/cfatest\/#\/schema\/logo\/image\/","url":"http:\/\/localhost\/cfa\/wp-content\/uploads\/2019\/07\/logo.png","contentUrl":"http:\/\/localhost\/cfa\/wp-content\/uploads\/2019\/07\/logo.png","width":500,"height":146,"caption":"CFA Society"},"image":{"@id":"https:\/\/iana.com.uy\/cfatest\/#\/schema\/logo\/image\/"},"sameAs":["https:\/\/www.facebook.com\/cfasocietyuruguay","https:\/\/twitter.com\/CFA_URU","https:\/\/www.instagram.com\/cfasocietyuruguay\/","https:\/\/www.linkedin.com\/company\/cfa-society-uruguay\/","https:\/\/www.youtube.com\/channel\/UCOCPlWClIZ4w1C5f_hhmIgg"]}]}},"_links":{"self":[{"href":"https:\/\/iana.com.uy\/cfatest\/wp-json\/wp\/v2\/eventos\/1700"}],"collection":[{"href":"https:\/\/iana.com.uy\/cfatest\/wp-json\/wp\/v2\/eventos"}],"about":[{"href":"https:\/\/iana.com.uy\/cfatest\/wp-json\/wp\/v2\/types\/eventos"}],"wp:attachment":[{"href":"https:\/\/iana.com.uy\/cfatest\/wp-json\/wp\/v2\/media?parent=1700"}],"wp:term":[{"taxonomy":"category","embeddable":true,"href":"https:\/\/iana.com.uy\/cfatest\/wp-json\/wp\/v2\/categories?post=1700"}],"curies":[{"name":"wp","href":"https:\/\/api.w.org\/{rel}","templated":true}]}}